{"id":17911,"date":"2025-09-10T11:46:08","date_gmt":"2025-09-10T09:46:08","guid":{"rendered":"https:\/\/dntagro.com\/producto\/pantalla-cortavientos\/"},"modified":"2026-04-21T16:31:07","modified_gmt":"2026-04-21T14:31:07","slug":"tela-quebra-vento","status":"publish","type":"producto","link":"https:\/\/dntagro.com\/pt-pt\/produtos\/tela-quebra-vento\/","title":{"rendered":"TELA QUEBRA-VENTO"},"content":{"rendered":"<div class=\"gb-container gb-container-28214f3c\">\n\n<p>A <strong>tela quebra-vento<\/strong> feita de 100% polipropileno n\u00e3o tecido \u00e9 projetada para prote\u00e7\u00e3o contra o vento e a radia\u00e7\u00e3o solar em \u00e1rvores rec\u00e9m-plantadas.<\/p>\n\n<\/div>\n\n<div class=\"gb-container gb-container-04993214\">\n\n<figure class=\"wp-block-image size-full\"><img decoding=\"async\" width=\"1920\" height=\"400\" src=\"https:\/\/dntagro.com\/wp-content\/uploads\/2025\/09\/pantalla-cortavientos_1.jpg\" alt=\"Pantalla Cortavientos 1\" class=\"wp-image-17166\" style=\"object-fit:cover\" srcset=\"https:\/\/dntagro.com\/wp-content\/uploads\/2025\/09\/pantalla-cortavientos_1.jpg 1920w, https:\/\/dntagro.com\/wp-content\/uploads\/2025\/09\/pantalla-cortavientos_1-370x77.jpg 370w, https:\/\/dntagro.com\/wp-content\/uploads\/2025\/09\/pantalla-cortavientos_1-1120x233.jpg 1120w, https:\/\/dntagro.com\/wp-content\/uploads\/2025\/09\/pantalla-cortavientos_1-768x160.jpg 768w, https:\/\/dntagro.com\/wp-content\/uploads\/2025\/09\/pantalla-cortavientos_1-1536x320.jpg 1536w\" sizes=\"(max-width: 1920px) 100vw, 1920px\" \/><\/figure>\n\n<\/div>\n\n<div class=\"gb-container gb-container-bafe7004\">\n<div class=\"gb-container gb-container-d913a735\">\n<div class=\"gb-grid-wrapper gb-grid-wrapper-043034f1\">\n<div class=\"gb-grid-column gb-grid-column-ee012c9b\"><div class=\"gb-container gb-container-ee012c9b\">\n\n<h3 class=\"gb-headline gb-headline-53d1fa2f gb-headline-text\">Caracter\u00edsticas<\/h3>\n\n\n\n<ul class=\"wp-block-list\">\n<li><strong>Material: <\/strong>100% polipropileno n\u00e3o tecido spunbond termicamente ligado com prote\u00e7\u00e3o UV.<\/li>\n\n\n\n<li><strong>Gramatura:<\/strong> At\u00e9 120g\/m\u00b2, dependendo da necessidade de sombreamento.<\/li>\n\n\n\n<li><strong>Resist\u00eancia mec\u00e2nica e qu\u00edmica.<\/strong><\/li>\n\n\n\n<li><strong>Respir\u00e1vel.<\/strong><\/li>\n\n\n\n<li><strong>Dimens\u00f5es:<\/strong> conforme necessidade.<\/li>\n\n\n\n<li><strong>Outros tratamentos e cores:<\/strong> sob consulta.<\/li>\n\n\n\n<li><strong>Resist\u00eancia \u00e0 radia\u00e7\u00e3o UV:<\/strong> com possibilidade de refor\u00e7o com aditivos UV conforme necessidade.<\/li>\n<\/ul>\n\n<\/div><\/div>\n\n<div class=\"gb-grid-column gb-grid-column-07ac0f32\"><div class=\"gb-container gb-container-07ac0f32\">\n\n<h3 class=\"gb-headline gb-headline-d3594d4d gb-headline-text\">Benef\u00edcios<\/h3>\n\n\n\n<ul class=\"wp-block-list\">\n<li>Protege a cultura da radia\u00e7\u00e3o solar e de condi\u00e7\u00f5es clim\u00e1ticas adversas.<\/li>\n\n\n\n<li>Prote\u00e7\u00e3o contra o vento para \u00e1rvores rec\u00e9m-plantadas.<\/li>\n\n\n\n<li>N\u00e3o retira a luz do crescimento das \u00e1rvores.<\/li>\n\n\n\n<li>Proporciona sombra com redu\u00e7\u00e3o da intensidade dos raios solares.<\/li>\n\n\n\n<li>Favorece a agricultura org\u00e2nica.<\/li>\n\n\n\n<li>F\u00e1cil de manusear e posicionar para uma instala\u00e7\u00e3o r\u00e1pida e f\u00e1cil.<\/li>\n\n\n\n<li>100% recicl\u00e1vel e de baixo impacto paisag\u00edstico.<\/li>\n<\/ul>\n\n<\/div><\/div>\n<\/div>\n<\/div>\n\n<div class=\"gb-container gb-container-b3125eb1\">\n\n<div class=\"wp-block-buttons is-content-justification-center is-layout-flex wp-container-core-buttons-is-layout-16018d1d wp-block-buttons-is-layout-flex\">\n<div class=\"wp-block-button has-custom-width wp-block-button__width-50 is-style-outline product-btn is-style-outline--1\"><a class=\"wp-block-button__link has-contrast-color has-contrast-2-background-color has-text-color has-background has-link-color wp-element-button\" href=\"https:\/\/dntnonwovenfabrics.com\/mk\/tela-quebravento.pdf\" target=\"_blank\" rel=\"noreferrer noopener\">FICHA COMERCIAL<\/a><\/div>\n\n\n\n<div class=\"wp-block-button has-custom-width wp-block-button__width-50 is-style-outline product-btn is-style-outline--2\"><a class=\"wp-block-button__link has-contrast-color has-contrast-2-background-color has-text-color has-background has-link-color wp-element-button\" href=\"https:\/\/dntagro.com\/pt-pt\/solicite-o-seu-orcamento\/\">SOLICITE O SEU OR\u00c7AMENTO<\/a><\/div>\n<\/div>\n\n<\/div>\n<\/div>\n\n<div class=\"gb-container gb-container-91e968fe\">\n\n<figure class=\"wp-block-image size-full\"><img decoding=\"async\" width=\"1920\" height=\"400\" src=\"https:\/\/dntagro.com\/wp-content\/uploads\/2025\/09\/pantalla-cortavientos_2.jpg\" alt=\"Pantalla Cortavientos 2\" class=\"wp-image-17170\" style=\"object-fit:cover\" srcset=\"https:\/\/dntagro.com\/wp-content\/uploads\/2025\/09\/pantalla-cortavientos_2.jpg 1920w, https:\/\/dntagro.com\/wp-content\/uploads\/2025\/09\/pantalla-cortavientos_2-370x77.jpg 370w, https:\/\/dntagro.com\/wp-content\/uploads\/2025\/09\/pantalla-cortavientos_2-1120x233.jpg 1120w, https:\/\/dntagro.com\/wp-content\/uploads\/2025\/09\/pantalla-cortavientos_2-768x160.jpg 768w, https:\/\/dntagro.com\/wp-content\/uploads\/2025\/09\/pantalla-cortavientos_2-1536x320.jpg 1536w\" sizes=\"(max-width: 1920px) 100vw, 1920px\" \/><\/figure>\n\n<\/div>\n\n<div class=\"gb-container gb-container-4b8c1004 colores alignfull\"><div class=\"gb-inside-container\">\n\n<h3 class=\"gb-headline gb-headline-16eabada gb-headline-text\">CORES DISPON\u00cdVEIS<\/h3>\n\n\n<div class=\"gb-grid-wrapper gb-grid-wrapper-b8350e8f\">\n<div class=\"gb-grid-column gb-grid-column-3596b32b\"><div class=\"gb-container gb-container-3596b32b\"><div class=\"gb-inside-container\">\n<div class=\"wp-block-image\">\n<figure class=\"aligncenter size-full\"><img decoding=\"async\" width=\"47\" height=\"46\" src=\"https:\/\/dntagro.com\/wp-content\/uploads\/2021\/10\/whi-01.png\" alt=\"Whi 01 Extrusion Coating\" class=\"wp-image-8860\"\/><\/figure>\n<\/div>\n\n\n<p class=\"gb-headline gb-headline-0864ea94 gb-headline-text\">WHI 01<\/p>\n\n<\/div><\/div><\/div>\n<\/div>\n\n\n<p class=\"has-text-align-center\"><em>*Outras cores sob encomenda<\/em><\/p>\n\n<\/div><div class=\"gb-shapes\"><div class=\"gb-shape gb-shape-1\"><svg xmlns=\"http:\/\/www.w3.org\/2000\/svg\" viewBox=\"0 0 1200 194.3\" preserveAspectRatio=\"none\"><path d=\"M1200 133.3l-50 8.9c-50 8.6-150 26.9-250 31.1-100 4.2-200-4.2-300-26.7S400 89.2 300 62.2C200 35.8 100 17.5 50 8.9L0 0v194.3h1200v-61z\"\/><\/svg><\/div><div class=\"gb-shape gb-shape-2\"><svg xmlns=\"http:\/\/www.w3.org\/2000\/svg\" viewBox=\"0 0 1200 350\" preserveAspectRatio=\"none\"><path d=\"M1200 350V0C22.4 60.3 0 336.7 0 336.7V350h1200z\"\/><\/svg><\/div><\/div><\/div>","protected":false},"excerpt":{"rendered":"<p>A tela quebra-vento feita de 100% polipropileno n\u00e3o tecido \u00e9 projetada para prote\u00e7\u00e3o contra o vento e a radia\u00e7\u00e3o solar em \u00e1rvores rec\u00e9m-plantadas. CORES DISPON\u00cdVEIS *Outras cores sob encomenda<\/p>\n","protected":false},"featured_media":0,"template":"","class_list":["post-17911","producto","type-producto","status-publish","hentry"],"yoast_head":"<!-- This site is optimized with the Yoast SEO plugin v27.4 - https:\/\/yoast.com\/product\/yoast-seo-wordpress\/ -->\n<title>TELA QUEBRA-VENTO - DNT Agro<\/title>\n<meta name=\"robots\" content=\"index, follow, max-snippet:-1, max-image-preview:large, max-video-preview:-1\" \/>\n<link rel=\"canonical\" href=\"https:\/\/dntagro.com\/pt-pt\/produtos\/tela-quebra-vento\/\" \/>\n<meta property=\"og:locale\" content=\"pt_PT\" \/>\n<meta property=\"og:type\" content=\"article\" \/>\n<meta property=\"og:title\" content=\"TELA QUEBRA-VENTO - DNT Agro\" \/>\n<meta property=\"og:description\" content=\"A tela quebra-vento feita de 100% polipropileno n\u00e3o tecido \u00e9 projetada para prote\u00e7\u00e3o contra o vento e a radia\u00e7\u00e3o solar em \u00e1rvores rec\u00e9m-plantadas. CORES DISPON\u00cdVEIS *Outras cores sob encomenda\" \/>\n<meta property=\"og:url\" content=\"https:\/\/dntagro.com\/pt-pt\/produtos\/tela-quebra-vento\/\" \/>\n<meta property=\"og:site_name\" content=\"DNT Agro\" \/>\n<meta property=\"article:modified_time\" content=\"2026-04-21T14:31:07+00:00\" \/>\n<meta property=\"og:image\" content=\"https:\/\/dntagro.com\/wp-content\/uploads\/2025\/09\/pantalla-cortavientos_1.jpg\" \/>\n\t<meta property=\"og:image:width\" content=\"1920\" \/>\n\t<meta property=\"og:image:height\" content=\"400\" \/>\n\t<meta property=\"og:image:type\" content=\"image\/jpeg\" \/>\n<meta name=\"twitter:card\" content=\"summary_large_image\" \/>\n<meta name=\"twitter:label1\" content=\"Tempo estimado de leitura\" \/>\n\t<meta name=\"twitter:data1\" content=\"2 minutes\" \/>\n<script type=\"application\/ld+json\" class=\"yoast-schema-graph\">{\"@context\":\"https:\\\/\\\/schema.org\",\"@graph\":[{\"@type\":\"WebPage\",\"@id\":\"https:\\\/\\\/dntagro.com\\\/pt-pt\\\/produtos\\\/tela-quebra-vento\\\/\",\"url\":\"https:\\\/\\\/dntagro.com\\\/pt-pt\\\/produtos\\\/tela-quebra-vento\\\/\",\"name\":\"TELA QUEBRA-VENTO - DNT Agro\",\"isPartOf\":{\"@id\":\"https:\\\/\\\/dntagro.com\\\/pt-pt\\\/#website\"},\"primaryImageOfPage\":{\"@id\":\"https:\\\/\\\/dntagro.com\\\/pt-pt\\\/produtos\\\/tela-quebra-vento\\\/#primaryimage\"},\"image\":{\"@id\":\"https:\\\/\\\/dntagro.com\\\/pt-pt\\\/produtos\\\/tela-quebra-vento\\\/#primaryimage\"},\"thumbnailUrl\":\"https:\\\/\\\/dntagro.com\\\/wp-content\\\/uploads\\\/2025\\\/09\\\/pantalla-cortavientos_1.jpg\",\"datePublished\":\"2025-09-10T09:46:08+00:00\",\"dateModified\":\"2026-04-21T14:31:07+00:00\",\"breadcrumb\":{\"@id\":\"https:\\\/\\\/dntagro.com\\\/pt-pt\\\/produtos\\\/tela-quebra-vento\\\/#breadcrumb\"},\"inLanguage\":\"pt-PT\",\"potentialAction\":[{\"@type\":\"ReadAction\",\"target\":[\"https:\\\/\\\/dntagro.com\\\/pt-pt\\\/produtos\\\/tela-quebra-vento\\\/\"]}]},{\"@type\":\"ImageObject\",\"inLanguage\":\"pt-PT\",\"@id\":\"https:\\\/\\\/dntagro.com\\\/pt-pt\\\/produtos\\\/tela-quebra-vento\\\/#primaryimage\",\"url\":\"https:\\\/\\\/dntagro.com\\\/wp-content\\\/uploads\\\/2025\\\/09\\\/pantalla-cortavientos_1.jpg\",\"contentUrl\":\"https:\\\/\\\/dntagro.com\\\/wp-content\\\/uploads\\\/2025\\\/09\\\/pantalla-cortavientos_1.jpg\"},{\"@type\":\"BreadcrumbList\",\"@id\":\"https:\\\/\\\/dntagro.com\\\/pt-pt\\\/produtos\\\/tela-quebra-vento\\\/#breadcrumb\",\"itemListElement\":[{\"@type\":\"ListItem\",\"position\":1,\"name\":\"Portada\",\"item\":\"https:\\\/\\\/dntagro.com\\\/pt-pt\\\/\"},{\"@type\":\"ListItem\",\"position\":2,\"name\":\"TELA QUEBRA-VENTO\"}]},{\"@type\":\"WebSite\",\"@id\":\"https:\\\/\\\/dntagro.com\\\/pt-pt\\\/#website\",\"url\":\"https:\\\/\\\/dntagro.com\\\/pt-pt\\\/\",\"name\":\"DNT Agro\",\"description\":\"DNT AGRO es la l\u00ednea de no tejidos y complementos para la protecci\u00f3n y el control biol\u00f3gico y t\u00e9rmico de \u00e1rboles, cultivos y plantas.\",\"publisher\":{\"@id\":\"https:\\\/\\\/dntagro.com\\\/pt-pt\\\/#organization\"},\"potentialAction\":[{\"@type\":\"SearchAction\",\"target\":{\"@type\":\"EntryPoint\",\"urlTemplate\":\"https:\\\/\\\/dntagro.com\\\/pt-pt\\\/?s={search_term_string}\"},\"query-input\":{\"@type\":\"PropertyValueSpecification\",\"valueRequired\":true,\"valueName\":\"search_term_string\"}}],\"inLanguage\":\"pt-PT\"},{\"@type\":\"Organization\",\"@id\":\"https:\\\/\\\/dntagro.com\\\/pt-pt\\\/#organization\",\"name\":\"DNT Agro\",\"url\":\"https:\\\/\\\/dntagro.com\\\/pt-pt\\\/\",\"logo\":{\"@type\":\"ImageObject\",\"inLanguage\":\"pt-PT\",\"@id\":\"https:\\\/\\\/dntagro.com\\\/pt-pt\\\/#\\\/schema\\\/logo\\\/image\\\/\",\"url\":\"https:\\\/\\\/dntagro.com\\\/wp-content\\\/uploads\\\/2025\\\/10\\\/dntagro-menu.png\",\"contentUrl\":\"https:\\\/\\\/dntagro.com\\\/wp-content\\\/uploads\\\/2025\\\/10\\\/dntagro-menu.png\",\"width\":170,\"height\":100,\"caption\":\"DNT Agro\"},\"image\":{\"@id\":\"https:\\\/\\\/dntagro.com\\\/pt-pt\\\/#\\\/schema\\\/logo\\\/image\\\/\"}}]}<\/script>\n<!-- \/ Yoast SEO plugin. -->","yoast_head_json":{"title":"TELA QUEBRA-VENTO - DNT Agro","robots":{"index":"index","follow":"follow","max-snippet":"max-snippet:-1","max-image-preview":"max-image-preview:large","max-video-preview":"max-video-preview:-1"},"canonical":"https:\/\/dntagro.com\/pt-pt\/produtos\/tela-quebra-vento\/","og_locale":"pt_PT","og_type":"article","og_title":"TELA QUEBRA-VENTO - DNT Agro","og_description":"A tela quebra-vento feita de 100% polipropileno n\u00e3o tecido \u00e9 projetada para prote\u00e7\u00e3o contra o vento e a radia\u00e7\u00e3o solar em \u00e1rvores rec\u00e9m-plantadas. CORES DISPON\u00cdVEIS *Outras cores sob encomenda","og_url":"https:\/\/dntagro.com\/pt-pt\/produtos\/tela-quebra-vento\/","og_site_name":"DNT Agro","article_modified_time":"2026-04-21T14:31:07+00:00","og_image":[{"width":1920,"height":400,"url":"https:\/\/dntagro.com\/wp-content\/uploads\/2025\/09\/pantalla-cortavientos_1.jpg","type":"image\/jpeg"}],"twitter_card":"summary_large_image","twitter_misc":{"Tempo estimado de leitura":"2 minutes"},"schema":{"@context":"https:\/\/schema.org","@graph":[{"@type":"WebPage","@id":"https:\/\/dntagro.com\/pt-pt\/produtos\/tela-quebra-vento\/","url":"https:\/\/dntagro.com\/pt-pt\/produtos\/tela-quebra-vento\/","name":"TELA QUEBRA-VENTO - DNT Agro","isPartOf":{"@id":"https:\/\/dntagro.com\/pt-pt\/#website"},"primaryImageOfPage":{"@id":"https:\/\/dntagro.com\/pt-pt\/produtos\/tela-quebra-vento\/#primaryimage"},"image":{"@id":"https:\/\/dntagro.com\/pt-pt\/produtos\/tela-quebra-vento\/#primaryimage"},"thumbnailUrl":"https:\/\/dntagro.com\/wp-content\/uploads\/2025\/09\/pantalla-cortavientos_1.jpg","datePublished":"2025-09-10T09:46:08+00:00","dateModified":"2026-04-21T14:31:07+00:00","breadcrumb":{"@id":"https:\/\/dntagro.com\/pt-pt\/produtos\/tela-quebra-vento\/#breadcrumb"},"inLanguage":"pt-PT","potentialAction":[{"@type":"ReadAction","target":["https:\/\/dntagro.com\/pt-pt\/produtos\/tela-quebra-vento\/"]}]},{"@type":"ImageObject","inLanguage":"pt-PT","@id":"https:\/\/dntagro.com\/pt-pt\/produtos\/tela-quebra-vento\/#primaryimage","url":"https:\/\/dntagro.com\/wp-content\/uploads\/2025\/09\/pantalla-cortavientos_1.jpg","contentUrl":"https:\/\/dntagro.com\/wp-content\/uploads\/2025\/09\/pantalla-cortavientos_1.jpg"},{"@type":"BreadcrumbList","@id":"https:\/\/dntagro.com\/pt-pt\/produtos\/tela-quebra-vento\/#breadcrumb","itemListElement":[{"@type":"ListItem","position":1,"name":"Portada","item":"https:\/\/dntagro.com\/pt-pt\/"},{"@type":"ListItem","position":2,"name":"TELA QUEBRA-VENTO"}]},{"@type":"WebSite","@id":"https:\/\/dntagro.com\/pt-pt\/#website","url":"https:\/\/dntagro.com\/pt-pt\/","name":"DNT Agro","description":"DNT AGRO es la l\u00ednea de no tejidos y complementos para la protecci\u00f3n y el control biol\u00f3gico y t\u00e9rmico de \u00e1rboles, cultivos y plantas.","publisher":{"@id":"https:\/\/dntagro.com\/pt-pt\/#organization"},"potentialAction":[{"@type":"SearchAction","target":{"@type":"EntryPoint","urlTemplate":"https:\/\/dntagro.com\/pt-pt\/?s={search_term_string}"},"query-input":{"@type":"PropertyValueSpecification","valueRequired":true,"valueName":"search_term_string"}}],"inLanguage":"pt-PT"},{"@type":"Organization","@id":"https:\/\/dntagro.com\/pt-pt\/#organization","name":"DNT Agro","url":"https:\/\/dntagro.com\/pt-pt\/","logo":{"@type":"ImageObject","inLanguage":"pt-PT","@id":"https:\/\/dntagro.com\/pt-pt\/#\/schema\/logo\/image\/","url":"https:\/\/dntagro.com\/wp-content\/uploads\/2025\/10\/dntagro-menu.png","contentUrl":"https:\/\/dntagro.com\/wp-content\/uploads\/2025\/10\/dntagro-menu.png","width":170,"height":100,"caption":"DNT Agro"},"image":{"@id":"https:\/\/dntagro.com\/pt-pt\/#\/schema\/logo\/image\/"}}]}},"_links":{"self":[{"href":"https:\/\/dntagro.com\/pt-pt\/wp-json\/wp\/v2\/producto\/17911","targetHints":{"allow":["GET"]}}],"collection":[{"href":"https:\/\/dntagro.com\/pt-pt\/wp-json\/wp\/v2\/producto"}],"about":[{"href":"https:\/\/dntagro.com\/pt-pt\/wp-json\/wp\/v2\/types\/producto"}],"version-history":[{"count":0,"href":"https:\/\/dntagro.com\/pt-pt\/wp-json\/wp\/v2\/producto\/17911\/revisions"}],"wp:attachment":[{"href":"https:\/\/dntagro.com\/pt-pt\/wp-json\/wp\/v2\/media?parent=17911"}],"curies":[{"name":"wp","href":"https:\/\/api.w.org\/{rel}","templated":true}]}}